{"id":55,"date":"2017-09-28T11:25:39","date_gmt":"2017-09-28T11:25:39","guid":{"rendered":"http:\/\/vinotresgeneraciones.com\/?page_id=55"},"modified":"2019-02-08T10:50:48","modified_gmt":"2019-02-08T10:50:48","slug":"los-vinos","status":"publish","type":"page","link":"http:\/\/vinotresgeneraciones.com\/en\/los-vinos\/","title":{"rendered":"The wines"},"content":{"rendered":"<div class=\"wpb-content-wrapper\"><div data-vc-full-width=\"true\" data-vc-full-width-init=\"false\" class=\"vc_row wpb_row vc_row-fluid vc_custom_1509644185033 vc_row-has-fill\"><div class=\"wpb_column vc_column_container vc_col-sm-12\"><div class=\"vc_column-inner\"><div class=\"wpb_wrapper\"><\/div><\/div><\/div><\/div><div class=\"vc_row-full-width vc_clearfix\"><\/div><div class=\"vc_row wpb_row vc_row-fluid vc_custom_1506598435345\"><div class=\"wpb_column vc_column_container vc_col-sm-12\"><div class=\"vc_column-inner\"><div class=\"wpb_wrapper\">\n\t<div class=\"wpb_text_column wpb_content_element vc_custom_1508766582244\" >\n\t\t<div class=\"wpb_wrapper\">\n\t\t\t<h1 style=\"text-align: center;\">Our wines<\/h1>\n\n\t\t<\/div>\n\t<\/div>\n<div class=\"vc_row wpb_row vc_inner vc_row-fluid\"><div class=\"wpb_column vc_column_container vc_col-sm-6\"><div class=\"vc_column-inner\"><div class=\"wpb_wrapper\">\n\t<div class=\"wpb_text_column wpb_content_element\" >\n\t\t<div class=\"wpb_wrapper\">\n\t\t\t<p>Given the uniqueness of the location of our vineyard, and taking into account the particularity of our climate, our wines are made and conceived as current and unique wines.<\/p>\n\n\t\t<\/div>\n\t<\/div>\n<\/div><\/div><\/div><div class=\"wpb_column vc_column_container vc_col-sm-6\"><div class=\"vc_column-inner\"><div class=\"wpb_wrapper\">\n\t<div class=\"wpb_text_column wpb_content_element\" >\n\t\t<div class=\"wpb_wrapper\">\n\t\t\t<p>Our vineyard offers a variety such as Garnacha, with which we can make wines that highlight their freshness and joy, leaving memories of fresh fruit. It also offers us the Tempranillo, Cabernet Sauvignon and Syrah variety, with which we can combine and assemble fruitiness, elegance and meatiness, and to finish, as a particular case, it offers us a very complex variety to make in warm climates such as Merlot, which given The orientation, altitude and climate so particular to our vineyard, allows us a perfect maturation, with which we obtain fleshy wines, with ripe fruit and bush and above all with a great structure.<\/p>\n\n\t\t<\/div>\n\t<\/div>\n<\/div><\/div><\/div><\/div><\/div><\/div><\/div><\/div><div data-vc-full-width=\"true\" data-vc-full-width-init=\"false\" class=\"vc_row wpb_row vc_row-fluid vc_custom_1506598790788 vc_row-has-fill vc_row-o-equal-height vc_row-o-content-middle vc_row-flex\"><div class=\"wpb_column vc_column_container vc_col-sm-6\"><div class=\"vc_column-inner\"><div class=\"wpb_wrapper\"><div class=\"wpb_images_carousel wpb_content_element vc_clearfix wpb_content_element\"><div class=\"wpb_wrapper\"><div id=\"vc_images-carousel-1-1777723413\" data-ride=\"vc_carousel\" data-wrap=\"true\" style=\"width: 100%;\" data-interval=\"3000\" data-auto-height=\"yes\" data-mode=\"vertical\" data-partial=\"false\" data-per-view=\"1\" data-hide-on-end=\"false\" class=\"vc_slide vc_images_carousel\"><div class=\"vc_carousel-inner\"><div class=\"vc_carousel-slideline\"><div class=\"vc_carousel-slideline-inner\"><div class=\"vc_item\"><div class=\"vc_inner\"><img loading=\"lazy\" decoding=\"async\" width=\"989\" height=\"778\" src=\"http:\/\/vinotresgeneraciones.com\/wp-content\/uploads\/2017\/09\/hvino001.png\" class=\"attachment-full\" alt=\"\" title=\"hvino001\" srcset=\"http:\/\/vinotresgeneraciones.com\/wp-content\/uploads\/2017\/09\/hvino001.png 989w, http:\/\/vinotresgeneraciones.com\/wp-content\/uploads\/2017\/09\/hvino001-300x236.png 300w, http:\/\/vinotresgeneraciones.com\/wp-content\/uploads\/2017\/09\/hvino001-768x604.png 768w\" sizes=\"auto, (max-width: 989px) 100vw, 989px\" \/><\/div><\/div><div class=\"vc_item\"><div class=\"vc_inner\"><img loading=\"lazy\" decoding=\"async\" width=\"989\" height=\"778\" src=\"http:\/\/vinotresgeneraciones.com\/wp-content\/uploads\/2017\/09\/SLIDE_DEPA.jpg\" class=\"attachment-full\" alt=\"\" title=\"SLIDE_DEPA\" srcset=\"http:\/\/vinotresgeneraciones.com\/wp-content\/uploads\/2017\/09\/SLIDE_DEPA.jpg 989w, http:\/\/vinotresgeneraciones.com\/wp-content\/uploads\/2017\/09\/SLIDE_DEPA-300x236.jpg 300w, http:\/\/vinotresgeneraciones.com\/wp-content\/uploads\/2017\/09\/SLIDE_DEPA-768x604.jpg 768w\" sizes=\"auto, (max-width: 989px) 100vw, 989px\" \/><\/div><\/div><\/div><\/div><\/div><\/div><\/div><\/div><\/div><\/div><\/div><div class=\"wpb_column vc_column_container vc_col-sm-6\"><div class=\"vc_column-inner\"><div class=\"wpb_wrapper\">\n\t<div class=\"wpb_text_column wpb_content_element\" >\n\t\t<div class=\"wpb_wrapper\">\n\t\t\t<h1 style=\"text-align: center;\">La Depa<\/h1>\n\n\t\t<\/div>\n\t<\/div>\n\n\t<div class=\"wpb_text_column wpb_content_element\" >\n\t\t<div class=\"wpb_wrapper\">\n\t\t\t<p class=\"p1\">They say that, during the French occupation, the love that the French sergeant Pedro Depon felt for a ronde\u00f1a made the military man avoid a terrible explosion. Grateful, the people of Ronda rewarded the sergeant by giving him the suit that his beloved, \"La Depa\", would wear at the wedding that united them forever.\nAnd this, like our history, has permeated generation after generation.<\/p>\n<p class=\"p1\"><strong>And this, like our history, has permeated generation after generation.<\/strong><\/p>\n<p class=\"p1\"><strong>Varieties:<\/strong> Garnacha.<\/p>\n<p class=\"p1\"><strong>Elaboration:<\/strong> Manual harvest in a 15 kg box, pre-fermentation macerations at a low temperature, in order to extract the highest possible fruitiness, and fermentation in stainless steel tanks at a controlled temperature of 22\u00ba C.<\/p>\n<p class=\"p1\"><strong>Breeding<span class=\"Apple-converted-space\">\u00a0 <\/span><\/strong>After fermentation, this wine remained in storage until bottling in spring.<\/p>\n<p class=\"p1\"><strong>Type of soil:<\/strong><span class=\"Apple-converted-space\"><strong>\u00a0<\/strong> <\/span>Calcareous argillic, they are poor soils, with good drainage, of moderate depth, which, having a high calcareous component, favors fineness in the tannins.<\/p>\n<p class=\"p1\"><strong>Altitude<\/strong> 850m.<\/p>\n<p class=\"p1\"><strong>Tasting note<\/strong> Clean raspberry red color with a medium layer. Attractive field aroma, with a mixture of wild strawberry, dry grass and moist earth. In its entry into the mouth, its freshness and joy stands out first. With a fluid step it moves leaving memories of fresh fruit. He came with a great personality and a pleasant memory.<\/p>\n\n\t\t<\/div>\n\t<\/div>\n<\/div><\/div><\/div><\/div><div class=\"vc_row-full-width vc_clearfix\"><\/div><div data-vc-full-width=\"true\" data-vc-full-width-init=\"false\" class=\"vc_row wpb_row vc_row-fluid vc_custom_1509644213636 vc_row-has-fill\"><div class=\"wpb_column vc_column_container vc_col-sm-12\"><div class=\"vc_column-inner\"><div class=\"wpb_wrapper\"><\/div><\/div><\/div><\/div><div class=\"vc_row-full-width vc_clearfix\"><\/div><div data-vc-full-width=\"true\" data-vc-full-width-init=\"false\" class=\"vc_row wpb_row vc_row-fluid vc_custom_1506598790788 vc_row-has-fill vc_row-o-equal-height vc_row-o-content-middle vc_row-flex\"><div class=\"wpb_column vc_column_container vc_col-sm-6\"><div class=\"vc_column-inner\"><div class=\"wpb_wrapper\"><div class=\"wpb_images_carousel wpb_content_element vc_clearfix wpb_content_element\"><div class=\"wpb_wrapper\"><div id=\"vc_images-carousel-2-1777723413\" data-ride=\"vc_carousel\" data-wrap=\"true\" style=\"width: 100%;\" data-interval=\"3000\" data-auto-height=\"yes\" data-mode=\"vertical\" data-partial=\"false\" data-per-view=\"1\" data-hide-on-end=\"false\" class=\"vc_slide vc_images_carousel\"><div class=\"vc_carousel-inner\"><div class=\"vc_carousel-slideline\"><div class=\"vc_carousel-slideline-inner\"><div class=\"vc_item\"><div class=\"vc_inner\"><img loading=\"lazy\" decoding=\"async\" width=\"989\" height=\"778\" src=\"http:\/\/vinotresgeneraciones.com\/wp-content\/uploads\/2017\/09\/SLIDE_LERO.jpg\" class=\"attachment-full\" alt=\"\" title=\"SLIDE_LERO\" srcset=\"http:\/\/vinotresgeneraciones.com\/wp-content\/uploads\/2017\/09\/SLIDE_LERO.jpg 989w, http:\/\/vinotresgeneraciones.com\/wp-content\/uploads\/2017\/09\/SLIDE_LERO-300x236.jpg 300w, http:\/\/vinotresgeneraciones.com\/wp-content\/uploads\/2017\/09\/SLIDE_LERO-768x604.jpg 768w\" sizes=\"auto, (max-width: 989px) 100vw, 989px\" \/><\/div><\/div><div class=\"vc_item\"><div class=\"vc_inner\"><img loading=\"lazy\" decoding=\"async\" width=\"989\" height=\"778\" src=\"http:\/\/vinotresgeneraciones.com\/wp-content\/uploads\/2017\/09\/hvino002.png\" class=\"attachment-full\" alt=\"\" title=\"hvino002\" srcset=\"http:\/\/vinotresgeneraciones.com\/wp-content\/uploads\/2017\/09\/hvino002.png 989w, http:\/\/vinotresgeneraciones.com\/wp-content\/uploads\/2017\/09\/hvino002-300x236.png 300w, http:\/\/vinotresgeneraciones.com\/wp-content\/uploads\/2017\/09\/hvino002-768x604.png 768w\" sizes=\"auto, (max-width: 989px) 100vw, 989px\" \/><\/div><\/div><\/div><\/div><\/div><\/div><\/div><\/div><\/div><\/div><\/div><div class=\"wpb_column vc_column_container vc_col-sm-6\"><div class=\"vc_column-inner\"><div class=\"wpb_wrapper\">\n\t<div class=\"wpb_text_column wpb_content_element\" >\n\t\t<div class=\"wpb_wrapper\">\n\t\t\t<h1 style=\"text-align: center;\">El Lero<\/h1>\n\n\t\t<\/div>\n\t<\/div>\n\n\t<div class=\"wpb_text_column wpb_content_element\" >\n\t\t<div class=\"wpb_wrapper\">\n\t\t\t<p class=\"p1\">Legend has it that a brave soldier, chasing \u201cEl Lero\u201d and his henchmen, slipped one day with his horse near Sierra Morena, losing consciousness. When \"El Lero\" saw him badly wounded, he led him to be cured, and the soldier, grateful, joined the gang of the compassionate bandit.<\/p>\n<p class=\"p1\"><strong>And this, like our history, has permeated generation after generation.<\/strong><\/p>\n<p class=\"p1\"><strong>Varieties:<span class=\"Apple-converted-space\">\u00a0 <\/span><\/strong>Tempranillo, Cabernet Sauvignon y Syrah.<\/p>\n<p class=\"p1\"><strong>Elaboration:<span class=\"Apple-converted-space\">\u00a0 <\/span><\/strong>Manual harvest in a 15 kg box, pre-fermentation macerations at a low temperature, in order to extract the best possible fruitiness, and fermentation in stainless steel tanks at a controlled temperature of 24\u00ba C.<\/p>\n<p class=\"p1\"><strong>Breeding<span class=\"Apple-converted-space\">\u00a0 <\/span><\/strong>Aged for 6 months in French oak barrels of 225 liters.<\/p>\n<p class=\"p1\"><strong>Type of soil:<span class=\"Apple-converted-space\">\u00a0 <\/span><\/strong>Calcareous argillic, they are poor soils, with good drainage, of moderate depth, which, having a high calcareous component, favors fineness in the tannins.<\/p>\n<p class=\"p1\"><strong>Altitude<\/strong> 850m.<\/p>\n<p class=\"p1\"><strong>Tasting note<\/strong> It has an attractive cherry red color with purple edges and a good robe. Its brief time in the barrel has left a good mark, clearly appreciating slight notes of burnt wood and cocoa. Grapes arrive in the mouth, with hints of ripe fruit and berries. In the center of the mouth it becomes large, awakening the papillae, allowing itself to be noticed large and whole, with breed, to later say goodbye with elegance.<\/p>\n\n\t\t<\/div>\n\t<\/div>\n<\/div><\/div><\/div><\/div><div class=\"vc_row-full-width vc_clearfix\"><\/div><div data-vc-full-width=\"true\" data-vc-full-width-init=\"false\" class=\"vc_row wpb_row vc_row-fluid vc_custom_1509644237119 vc_row-has-fill\"><div class=\"wpb_column vc_column_container vc_col-sm-12\"><div class=\"vc_column-inner\"><div class=\"wpb_wrapper\"><\/div><\/div><\/div><\/div><div class=\"vc_row-full-width vc_clearfix\"><\/div><div data-vc-full-width=\"true\" data-vc-full-width-init=\"false\" class=\"vc_row wpb_row vc_row-fluid vc_custom_1506598790788 vc_row-has-fill vc_row-o-equal-height vc_row-o-content-middle vc_row-flex\"><div class=\"wpb_column vc_column_container vc_col-sm-6\"><div class=\"vc_column-inner\"><div class=\"wpb_wrapper\"><div class=\"wpb_images_carousel wpb_content_element vc_clearfix wpb_content_element\"><div class=\"wpb_wrapper\"><div id=\"vc_images-carousel-3-1777723413\" data-ride=\"vc_carousel\" data-wrap=\"true\" style=\"width: 100%;\" data-interval=\"3000\" data-auto-height=\"yes\" data-mode=\"vertical\" data-partial=\"false\" data-per-view=\"1\" data-hide-on-end=\"false\" class=\"vc_slide vc_images_carousel\"><div class=\"vc_carousel-inner\"><div class=\"vc_carousel-slideline\"><div class=\"vc_carousel-slideline-inner\"><div class=\"vc_item\"><div class=\"vc_inner\"><img loading=\"lazy\" decoding=\"async\" width=\"989\" height=\"778\" src=\"http:\/\/vinotresgeneraciones.com\/wp-content\/uploads\/2017\/09\/SLIDE_ARQUI.jpg\" class=\"attachment-full\" alt=\"\" title=\"SLIDE_ARQUI\" srcset=\"http:\/\/vinotresgeneraciones.com\/wp-content\/uploads\/2017\/09\/SLIDE_ARQUI.jpg 989w, http:\/\/vinotresgeneraciones.com\/wp-content\/uploads\/2017\/09\/SLIDE_ARQUI-300x236.jpg 300w, http:\/\/vinotresgeneraciones.com\/wp-content\/uploads\/2017\/09\/SLIDE_ARQUI-768x604.jpg 768w\" sizes=\"auto, (max-width: 989px) 100vw, 989px\" \/><\/div><\/div><div class=\"vc_item\"><div class=\"vc_inner\"><img loading=\"lazy\" decoding=\"async\" width=\"989\" height=\"778\" src=\"http:\/\/vinotresgeneraciones.com\/wp-content\/uploads\/2017\/09\/hvino003.png\" class=\"attachment-full\" alt=\"\" title=\"hvino003\" srcset=\"http:\/\/vinotresgeneraciones.com\/wp-content\/uploads\/2017\/09\/hvino003.png 989w, http:\/\/vinotresgeneraciones.com\/wp-content\/uploads\/2017\/09\/hvino003-300x236.png 300w, http:\/\/vinotresgeneraciones.com\/wp-content\/uploads\/2017\/09\/hvino003-768x604.png 768w\" sizes=\"auto, (max-width: 989px) 100vw, 989px\" \/><\/div><\/div><\/div><\/div><\/div><\/div><\/div><\/div><\/div><\/div><\/div><div class=\"wpb_column vc_column_container vc_col-sm-6\"><div class=\"vc_column-inner\"><div class=\"wpb_wrapper\">\n\t<div class=\"wpb_text_column wpb_content_element\" >\n\t\t<div class=\"wpb_wrapper\">\n\t\t\t<h1 style=\"text-align: center;\">El Arquitecto<\/h1>\n\n\t\t<\/div>\n\t<\/div>\n\n\t<div class=\"wpb_text_column wpb_content_element\" >\n\t\t<div class=\"wpb_wrapper\">\n\t\t\t<p class=\"p1\">Legend has it that after the 40 years it took to build the Tajo de Ronda, its architect, Mart\u00edn de Aldehuela, decided to throw himself from its 98 m high to avoid creating a bridge that would surpass it in beauty. Or to suppose, perhaps, that he could never come up with something so sublime again.\nAnd this, like our history, has permeated generation after generation.<\/p>\n<p class=\"p1\"><strong>And this, like our history, has permeated generation after generation.<\/strong><\/p>\n<p class=\"p1\"><strong>Varieties:<\/strong> Cabernet Sauvignon, Tempranillo y Syrah.<\/p>\n<p class=\"p1\"><strong>Elaboration:<\/strong> Manual harvest in a 15 kg box, pre-fermentative macerations at low temperature, and once the alcoholic fermentation is finished, we have preceded a post-fermentative maceration of one week, to extract a greater expression, than varieties such as Carbernet Sauvignon, offered to us in vineyards with warm climates like ours.<\/p>\n<p class=\"p1\"><strong>Breeding<\/strong><span class=\"Apple-converted-space\"><strong>\u00a0<\/strong> <\/span>12 months \"Allier\" French oak barrels.<\/p>\n<p class=\"p1\"><strong>Type of soil:<\/strong><span class=\"Apple-converted-space\"><strong>\u00a0<\/strong> <\/span>Calcareous argillic, they are poor soils, with good drainage, of moderate depth, which, having a high calcareous component, favors fineness in the tannins.<\/p>\n<p class=\"p1\"><strong>Altitude<\/strong> 850m.<\/p>\n<p class=\"p1\"><strong>Tasting note<\/strong> Deep and intense cherry red color with a very high layer. The complexity of its nose is surprising from the first moment, where the delicate notes of its aging intermingle, with hints of spice and scrubland in perfect balance. Well built in the mouth, he is giving here all the knowledge of him: red berries, memories, pastry memories, dry rosemary, minerality ... Great wine, which will be even more with the passage by bottle.<\/p>\n\n\t\t<\/div>\n\t<\/div>\n<\/div><\/div><\/div><\/div><div class=\"vc_row-full-width vc_clearfix\"><\/div><div data-vc-full-width=\"true\" data-vc-full-width-init=\"false\" class=\"vc_row wpb_row vc_row-fluid vc_custom_1549617757366 vc_row-has-fill\"><div class=\"wpb_column vc_column_container vc_col-sm-12\"><div class=\"vc_column-inner\"><div class=\"wpb_wrapper\"><\/div><\/div><\/div><\/div><div class=\"vc_row-full-width vc_clearfix\"><\/div><div data-vc-full-width=\"true\" data-vc-full-width-init=\"false\" class=\"vc_row wpb_row vc_row-fluid vc_custom_1549617343186 vc_row-has-fill vc_row-o-equal-height vc_row-o-content-middle vc_row-flex\"><div class=\"wpb_column vc_column_container vc_col-sm-6\"><div class=\"vc_column-inner\"><div class=\"wpb_wrapper\"><div class=\"wpb_images_carousel wpb_content_element vc_clearfix wpb_content_element\"><div class=\"wpb_wrapper\"><div id=\"vc_images-carousel-4-1777723413\" data-ride=\"vc_carousel\" data-wrap=\"true\" style=\"width: 100%;\" data-interval=\"3000\" data-auto-height=\"yes\" data-mode=\"vertical\" data-partial=\"false\" data-per-view=\"1\" data-hide-on-end=\"false\" class=\"vc_slide vc_images_carousel\"><div class=\"vc_carousel-inner\"><div class=\"vc_carousel-slideline\"><div class=\"vc_carousel-slideline-inner\"><div class=\"vc_item\"><div class=\"vc_inner\"><img loading=\"lazy\" decoding=\"async\" width=\"989\" height=\"778\" src=\"http:\/\/vinotresgeneraciones.com\/wp-content\/uploads\/2017\/09\/SLIDE_ANIYA.jpg\" class=\"attachment-full\" alt=\"\" title=\"SLIDE_ANIYA\" srcset=\"http:\/\/vinotresgeneraciones.com\/wp-content\/uploads\/2017\/09\/SLIDE_ANIYA.jpg 989w, http:\/\/vinotresgeneraciones.com\/wp-content\/uploads\/2017\/09\/SLIDE_ANIYA-300x236.jpg 300w, http:\/\/vinotresgeneraciones.com\/wp-content\/uploads\/2017\/09\/SLIDE_ANIYA-768x604.jpg 768w\" sizes=\"auto, (max-width: 989px) 100vw, 989px\" \/><\/div><\/div><div class=\"vc_item\"><div class=\"vc_inner\"><img loading=\"lazy\" decoding=\"async\" width=\"989\" height=\"778\" src=\"http:\/\/vinotresgeneraciones.com\/wp-content\/uploads\/2017\/09\/Botellas-ANIYA.png\" class=\"attachment-full\" alt=\"\" title=\"Botellas-ANIYA\" srcset=\"http:\/\/vinotresgeneraciones.com\/wp-content\/uploads\/2017\/09\/Botellas-ANIYA.png 989w, http:\/\/vinotresgeneraciones.com\/wp-content\/uploads\/2017\/09\/Botellas-ANIYA-300x236.png 300w, http:\/\/vinotresgeneraciones.com\/wp-content\/uploads\/2017\/09\/Botellas-ANIYA-768x604.png 768w\" sizes=\"auto, (max-width: 989px) 100vw, 989px\" \/><\/div><\/div><\/div><\/div><\/div><\/div><\/div><\/div><\/div><\/div><\/div><div class=\"wpb_column vc_column_container vc_col-sm-6\"><div class=\"vc_column-inner\"><div class=\"wpb_wrapper\">\n\t<div class=\"wpb_text_column wpb_content_element\" >\n\t\t<div class=\"wpb_wrapper\">\n\t\t\t<h1 style=\"text-align: center;\">Aniya<\/h1>\n\n\t\t<\/div>\n\t<\/div>\n\n\t<div class=\"wpb_text_column wpb_content_element\" >\n\t\t<div class=\"wpb_wrapper\">\n\t\t\t<p class=\"p1\">They say that the unique art of Aniya, \"the queen of the gypsies\", allowed this cantaora to go from being a feared smuggler in her youth to receiving a Manila shawl from the hands of Queen Victoria Eugenia herself, impressed after seeing her sing for her and the rest of the royal family.<\/p>\n<p class=\"p1\"><strong>And this, like our history, has permeated generation after generation.<\/strong><\/p>\n<p class=\"p1\"><strong>Varieties:<\/strong> Merlot.<\/p>\n<p class=\"p1\"><strong>Elaboration:<\/strong> Manual harvest in a 15 kg box, pre-fermentation macerations at low temperature, and once the alcoholic fermentation is finished, we have preceded a post-fermentation maceration for one week, to extract a greater expression, and fruitiness, than a variety like Merlot, it offers us.<\/p>\n<p class=\"p1\"><strong>Breeding<\/strong><span class=\"Apple-converted-space\"><strong>\u00a0<\/strong> <\/span>18 months in French oak barrels.<\/p>\n<p class=\"p1\"><strong>Tasting note\u00a0<\/strong>High layer concentrated cherry red color. On the nose the wine opens up little by little. At first, notes of plum and violets appear timidly, then the barrel notes. In the mouth it grows. Fleshy, with nerve, the ripe fruit and the bush dominate over light toasted notes. A large structure warns us that it will have a good evolution over time.<\/p>\n\n\t\t<\/div>\n\t<\/div>\n<\/div><\/div><\/div><\/div><div class=\"vc_row-full-width vc_clearfix\"><\/div><div data-vc-full-width=\"true\" data-vc-full-width-init=\"false\" class=\"vc_row wpb_row vc_row-fluid vc_custom_1509644265180 vc_row-has-fill\"><div class=\"wpb_column vc_column_container vc_col-sm-12\"><div class=\"vc_column-inner\"><div class=\"wpb_wrapper\"><\/div><\/div><\/div><\/div><div class=\"vc_row-full-width vc_clearfix\"><\/div><div class=\"wpb_column vc_column_container vc_col-sm-6\"><div class=\"vc_column-inner\"><div class=\"wpb_wrapper\"><\/div><\/div><\/div><div class=\"wpb_column vc_column_container vc_col-sm-6\"><div class=\"vc_column-inner\"><div class=\"wpb_wrapper\"><\/div><\/div><\/div>\n<\/div>","protected":false},"excerpt":{"rendered":"Nuestros vinos Dada la singularidad de la ubicaci\u00f3n de nuestro vi\u00f1edo, y teniendo en cuenta lo particular de nuestro clima, nuestros vinos est\u00e1n elaborados y concebidos como vinos actuales y singulares. Nuestro vi\u00f1edo ofrece una variedad como la Garnacha, con la que podemos elaborar vinos en los que destaca su frescor y alegr\u00eda, dejando recuerdos [...]","protected":false},"author":1,"featured_media":0,"parent":0,"menu_order":0,"comment_status":"closed","ping_status":"open","template":"","meta":{"om_disable_all_campaigns":false,"_exactmetrics_skip_tracking":false,"_exactmetrics_sitenote_active":false,"_exactmetrics_sitenote_note":"","_exactmetrics_sitenote_category":0,"_uf_show_specific_survey":0,"_uf_disable_surveys":false,"footnotes":""},"class_list":["post-55","page","type-page","status-publish","hentry"],"aioseo_notices":[],"_links":{"self":[{"href":"http:\/\/vinotresgeneraciones.com\/en\/wp-json\/wp\/v2\/pages\/55","targetHints":{"allow":["GET"]}}],"collection":[{"href":"http:\/\/vinotresgeneraciones.com\/en\/wp-json\/wp\/v2\/pages"}],"about":[{"href":"http:\/\/vinotresgeneraciones.com\/en\/wp-json\/wp\/v2\/types\/page"}],"author":[{"embeddable":true,"href":"http:\/\/vinotresgeneraciones.com\/en\/wp-json\/wp\/v2\/users\/1"}],"replies":[{"embeddable":true,"href":"http:\/\/vinotresgeneraciones.com\/en\/wp-json\/wp\/v2\/comments?post=55"}],"version-history":[{"count":23,"href":"http:\/\/vinotresgeneraciones.com\/en\/wp-json\/wp\/v2\/pages\/55\/revisions"}],"predecessor-version":[{"id":184,"href":"http:\/\/vinotresgeneraciones.com\/en\/wp-json\/wp\/v2\/pages\/55\/revisions\/184"}],"wp:attachment":[{"href":"http:\/\/vinotresgeneraciones.com\/en\/wp-json\/wp\/v2\/media?parent=55"}],"curies":[{"name":"wp","href":"https:\/\/api.w.org\/{rel}","templated":true}]}}